{"id":480,"date":"2025-04-10T11:09:31","date_gmt":"2025-04-10T11:09:31","guid":{"rendered":"http:\/\/icon.eu.uvirt136.active24.cz\/?page_id=480"},"modified":"2025-06-23T11:24:19","modified_gmt":"2025-06-23T11:24:19","slug":"prague-life","status":"publish","type":"page","link":"https:\/\/www.iconhotel.eu\/cz\/prague-life\/","title":{"rendered":"ZIVOT V PRAZE"},"content":{"rendered":"<div class=\"wpb-content-wrapper\"><div class=\"vc_row wpb_row vc_row-fluid vc_custom_1744211564522 vc_row-has-fill wd-bg-right-center wd-rs-67f68e5e76bf2\"><div class=\"wpb_column vc_column_container vc_col-sm-12 vc_hidden-lg vc_hidden-md wd-enabled-flex wd-rs-6827247e20506\"><div class=\"vc_column-inner\"><div class=\"wpb_wrapper\">\n\t<div  class=\"wpb_single_image wpb_content_element vc_align_left vc_custom_1747395680732\">\n\t\t\n\t\t<figure class=\"wpb_wrapper vc_figure\">\n\t\t\t<div class=\"vc_single_image-wrapper   vc_box_border_grey\"><img loading=\"lazy\" decoding=\"async\" width=\"1218\" height=\"846\" src=\"https:\/\/www.iconhotel.eu\/wp-content\/uploads\/2025\/05\/prague-lif-mobile.webp\" class=\"vc_single_image-img attachment-full\" alt=\"\" title=\"prague lif mobile\" srcset=\"https:\/\/www.iconhotel.eu\/wp-content\/uploads\/2025\/05\/prague-lif-mobile.webp 1218w, https:\/\/www.iconhotel.eu\/wp-content\/uploads\/2025\/05\/prague-lif-mobile-300x208.webp 300w, https:\/\/www.iconhotel.eu\/wp-content\/uploads\/2025\/05\/prague-lif-mobile-1024x711.webp 1024w, https:\/\/www.iconhotel.eu\/wp-content\/uploads\/2025\/05\/prague-lif-mobile-768x533.webp 768w, https:\/\/www.iconhotel.eu\/wp-content\/uploads\/2025\/05\/prague-lif-mobile-18x12.webp 18w, https:\/\/www.iconhotel.eu\/wp-content\/uploads\/2025\/05\/prague-lif-mobile-600x417.webp 600w, https:\/\/www.iconhotel.eu\/wp-content\/uploads\/2025\/05\/prague-lif-mobile-150x104.webp 150w\" sizes=\"auto, (max-width: 1218px) 100vw, 1218px\" \/><\/div>\n\t\t<\/figure>\n\t<\/div>\n<\/div><\/div><\/div><\/div><div class=\"vc_row wpb_row vc_row-fluid vc_custom_1744211564522 vc_row-has-fill wd-bg-right-center wd-rs-67f68e5e76bf2\"><div class=\"wpb_column vc_column_container vc_col-sm-12 vc_hidden-sm vc_hidden-xs wd-enabled-flex wd-rs-682724435ce2c\"><div class=\"vc_column-inner vc_custom_1747395655762\"><div class=\"wpb_wrapper\">\n\t<div  class=\"wpb_single_image wpb_content_element vc_align_left vc_custom_1744283207446\">\n\t\t\n\t\t<figure class=\"wpb_wrapper vc_figure\">\n\t\t\t<div class=\"vc_single_image-wrapper   vc_box_border_grey\"><img loading=\"lazy\" decoding=\"async\" width=\"1398\" height=\"846\" src=\"https:\/\/www.iconhotel.eu\/wp-content\/uploads\/2025\/04\/prague-life-hero.webp\" class=\"vc_single_image-img attachment-full\" alt=\"\" title=\"prague life\" srcset=\"https:\/\/www.iconhotel.eu\/wp-content\/uploads\/2025\/04\/prague-life-hero.webp 1398w, https:\/\/www.iconhotel.eu\/wp-content\/uploads\/2025\/04\/prague-life-hero-300x182.webp 300w, https:\/\/www.iconhotel.eu\/wp-content\/uploads\/2025\/04\/prague-life-hero-1024x620.webp 1024w, https:\/\/www.iconhotel.eu\/wp-content\/uploads\/2025\/04\/prague-life-hero-768x465.webp 768w, https:\/\/www.iconhotel.eu\/wp-content\/uploads\/2025\/04\/prague-life-hero-600x363.webp 600w, https:\/\/www.iconhotel.eu\/wp-content\/uploads\/2025\/04\/prague-life-hero-150x91.webp 150w\" sizes=\"auto, (max-width: 1398px) 100vw, 1398px\" \/><\/div>\n\t\t<\/figure>\n\t<\/div>\n<\/div><\/div><\/div><\/div><div class=\"vc_row wpb_row vc_row-fluid\"><div class=\"wpb_column vc_column_container vc_col-sm-12\"><div class=\"vc_column-inner\"><div class=\"wpb_wrapper\"><h1 style=\"font-size: 36px;text-align: left\" class=\"vc_custom_heading vc_do_custom_heading custom-bordered-title\" >ZIVOT V PRAZE<\/h1><\/div><\/div><\/div><\/div><div class=\"vc_row wpb_row vc_row-fluid\"><div class=\"wpb_column vc_column_container vc_col-sm-4\/5\"><div class=\"vc_column-inner\"><div class=\"wpb_wrapper\">\n\t<div class=\"wpb_text_column wpb_content_element wd-animation wd-transform wd-animation-slide-from-bottom wd-animation-normal\" >\n\t\t<div class=\"wpb_wrapper\">\n\t\t\t<p>V\u00fdhodn\u00e1 poloha hlavn\u00edho m\u011bsta \u010cesk\u00e9 republiky v samotn\u00e9m srdci Evropy a osobnost Prahy odr\u00e1\u017e\u00ed\njej\u00ed povahu na t\u00e9to zem\u011bpisn\u00e9 k\u0159i\u017eovatce - mezi v\u00fdchodn\u00ed a z\u00e1padn\u00ed Evropskou kulturou, mezi\nst\u0159edov\u011bkou architekturou a modern\u00edm v\u00fdvojem, mezi p\u016fvodn\u00ed socialistickou \u0161ed\u00ed a propojen\u00edm\nmlad\u0161\u00edch kultur. Krom\u011b sv\u00e9 historick\u00e9 hodnoty se Praha stala popul\u00e1rn\u00ed destinac\u00ed pro studenty,\num\u011blce, intelektu\u00e1ly a nab\u00edz\u00ed pestr\u00e9 kulturn\u00ed aktivity.<\/p>\n\n\t\t<\/div>\n\t<\/div>\n<\/div><\/div><\/div><div class=\"wpb_column vc_column_container vc_col-sm-1\/5\"><div class=\"vc_column-inner\"><div class=\"wpb_wrapper\"><\/div><\/div><\/div><\/div><div class=\"vc_row wpb_row vc_row-fluid vc_custom_1744287151429 wd-rs-67f7b5a853cdf\"><div class=\"wpb_column vc_column_container vc_col-sm-12 wd-enabled-flex wd-rs-6826f5b127d8c\"><div class=\"vc_column-inner\"><div class=\"wpb_wrapper\">\n<div class=\"vc_grid-container-wrapper vc_clearfix vc_grid-animation-fadeInUp\">\n\t<div class=\"vc_grid-container vc_clearfix wpb_content_element vc_basic_grid\" data-initial-loading-animation=\"fadeInUp\" data-vc-grid-settings=\"{&quot;page_id&quot;:480,&quot;style&quot;:&quot;all&quot;,&quot;action&quot;:&quot;vc_get_vc_grid_data&quot;,&quot;shortcode_id&quot;:&quot;1750674682489-de42fffb-931a-1&quot;,&quot;tag&quot;:&quot;vc_basic_grid&quot;}\" data-vc-request=\"https:\/\/www.iconhotel.eu\/wp-admin\/admin-ajax.php\" data-vc-post-id=\"480\" data-vc-public-nonce=\"ad18ce4fef\">\n\t\t<style data-type=\"vc_shortcodes-custom-css\">.vc_custom_1744284835831{margin-top: 10px !important;}.vc_custom_1744284819743{padding: 0px !important;}.vc_custom_1744623836684{padding-top: 0px !important;padding-bottom: 0px !important;background-color: #404041 !important;}<\/style><div class=\"vc_grid vc_row vc_grid-gutter-35px vc_pageable-wrapper vc_hook_hover\" data-vc-pageable-content=\"true\"><div class=\"vc_pageable-slide-wrapper vc_clearfix\" data-vc-grid-content=\"true\"><div class=\"vc_grid-item vc_clearfix vc_col-sm-6 vc_grid-item-zone-c-bottom\"><div class=\"vc_grid-item-mini vc_clearfix\"><div class=\"vc_gitem-animated-block\" ><div class=\"vc_gitem-zone vc_gitem-zone-a vc-gitem-zone-height-mode-auto vc-gitem-zone-height-mode-auto-1-1\" style=\"background-image: url('https:\/\/www.iconhotel.eu\/wp-content\/uploads\/2025\/04\/1699289844-designblok-cosmos-interior-photo-vaclav-jirasek-5-1024x722.jpg') !important;\"><img decoding=\"async\" class=\"vc_gitem-zone-img\" src=\"https:\/\/www.iconhotel.eu\/wp-content\/uploads\/2025\/04\/1699289844-designblok-cosmos-interior-photo-vaclav-jirasek-5-1024x722.jpg\" alt=\"Having grown from 14 participants at its inception in 1999 to over 200 participants and 30,000 visitors at its most recent installment, this annual applied arts festival transformsPrague into a citywide showroom for modern fashion, lights, glass, and furniture every autumn. Young newcomers and established stars turn ordinary everyday objectsinto extraordinary spectacles.\" loading=\"lazy\"><div class=\"vc_gitem-zone-mini\"><\/div><\/div><\/div><div class=\"vc_gitem-zone vc_gitem-zone-c\"><div class=\"vc_gitem-zone-mini\"><div class=\"vc_gitem_row vc_row vc_gitem-row-position-top\"><div class=\"vc_col-sm-12 vc_gitem-col vc_gitem-col-align- vc_custom_1744284835831\"><div class=\"vc_custom_heading custom-bordered-title vc_gitem-post-data vc_gitem-post-data-source-post_title\" ><h2 style=\"text-align: left\" >DesignBlok<\/h2><\/div><\/div><\/div><div class=\"vc_gitem_row vc_row vc_gitem-row-position-top\"><div class=\"vc_col-sm-12 vc_gitem-col vc_gitem-col-align- vc_custom_1744284819743\"><div class=\"vc_custom_heading vc_gitem-post-data vc_gitem-post-data-source-post_excerpt\" ><p style=\"text-align: left\" ><p class=\"translation-block\">P\u0159i sv\u00e9m zah\u00e1jen\u00ed m\u011bl 14 n\u00e1v\u0161t\u011bvn\u00edk\u016f, kdy\u017e se psal rok 1999, potom 200 a brzy jej nav\u0161t\u00edvilo na\n30.000 n\u00e1v\u0161t\u011bvn\u00edk\u016f, kdy\u017e naposledy otev\u0159el sv\u00e9 br\u00e1ny. Ka\u017edoro\u010dn\u00ed festival um\u011bn\u00ed m\u011bn\u00ed Prahu na\nm\u011bsto s jednou velkou v\u00fdstavn\u00ed plochou pro aktu\u00e1ln\u00ed m\u00f3du, iluminace, sklo a n\u00e1bytek, a d\u011bje se tak\nv\u017edy na podzim. Nov\u00e1\u010dci a st\u00e1l\u00e9 hv\u011bzdy festivalu m\u011bn\u00ed ka\u017edodenn\u00ed objekty na nev\u0161edn\u00ed z\u00e1\u017eitky.<\/p>\n<\/p><\/div><div class=\"vc_btn3-container vc_btn3-left vc_custom_1744623836684\"><a style=\"background-color:#EDEDED00; color:#FFFFFF;\" class=\"vc_general vc_btn3 vc_btn3-size-sm vc_btn3-shape-square vc_btn3-style-custom vc_btn3-block\" a href=\"https:\/\/www.iconhotel.eu\/cz\/designblok\/\" target=\"_blank\" title=\"Zjist\u011bte v\u00edce\">Zjist\u011bte v\u00edce<\/a><\/div><\/div><\/div><\/div><\/div><\/div><div class=\"vc_clearfix\"><\/div><\/div><div class=\"vc_grid-item vc_clearfix vc_col-sm-6 vc_grid-item-zone-c-bottom\"><div class=\"vc_grid-item-mini vc_clearfix\"><div class=\"vc_gitem-animated-block\" ><div class=\"vc_gitem-zone vc_gitem-zone-a vc-gitem-zone-height-mode-auto vc-gitem-zone-height-mode-auto-1-1\" style=\"background-image: url('https:\/\/www.iconhotel.eu\/wp-content\/uploads\/2025\/04\/dox-3.jpg') !important;\"><img decoding=\"async\" class=\"vc_gitem-zone-img\" src=\"https:\/\/www.iconhotel.eu\/wp-content\/uploads\/2025\/04\/dox-3.jpg\" alt=\"Prague\u2019s most innovative contemporary art gallery and exhibition space, the DOX gallery displays a broad range of media including film, photography, writing, sculpture, and painting. Thematically relevant and sometimes controversial exhibitions challenge conventional political, philosophical, and ethical perspectives.\" loading=\"lazy\"><div class=\"vc_gitem-zone-mini\"><\/div><\/div><\/div><div class=\"vc_gitem-zone vc_gitem-zone-c\"><div class=\"vc_gitem-zone-mini\"><div class=\"vc_gitem_row vc_row vc_gitem-row-position-top\"><div class=\"vc_col-sm-12 vc_gitem-col vc_gitem-col-align- vc_custom_1744284835831\"><div class=\"vc_custom_heading custom-bordered-title vc_gitem-post-data vc_gitem-post-data-source-post_title\" ><h2 style=\"text-align: left\" >DOX Gallery<\/h2><\/div><\/div><\/div><div class=\"vc_gitem_row vc_row vc_gitem-row-position-top\"><div class=\"vc_col-sm-12 vc_gitem-col vc_gitem-col-align- vc_custom_1744284819743\"><div class=\"vc_custom_heading vc_gitem-post-data vc_gitem-post-data-source-post_excerpt\" ><p style=\"text-align: left\" ><p>V Praze moment\u00e1ln\u011b nejinovativn\u011bj\u0161\u00ed galerie sou\u010dasn\u00e9ho um\u011bn\u00ed a v\u00fdstavn\u00ed plocha, Galerie DOX,\nprezentuje \u0161irok\u00fd z\u00e1b\u011br m\u00e9dii, kter\u00e9 zahrnuj\u00ed film, fotografii, p\u00edsmo, socha\u0159sk\u00e1 a mal\u00ed\u0159sk\u00e1 d\u00edla.\nT\u00e9maticky relevantn\u00ed a n\u011bkdy t\u00e9m\u011b\u0159 kontroverzn\u00ed v\u00fdstavy vyz\u00fdvaj\u00ed na souboj konven\u010dn\u00ed politick\u00e9,\nfilozofick\u00e9 a etick\u00e9 perspektivy.<\/p>\n<\/p><\/div><div class=\"vc_btn3-container vc_btn3-left vc_custom_1744623836684\"><a style=\"background-color:#EDEDED00; color:#FFFFFF;\" class=\"vc_general vc_btn3 vc_btn3-size-sm vc_btn3-shape-square vc_btn3-style-custom vc_btn3-block\" a href=\"https:\/\/www.iconhotel.eu\/cz\/dox-gallery\/\" target=\"_blank\" title=\"Zjist\u011bte v\u00edce\">Zjist\u011bte v\u00edce<\/a><\/div><\/div><\/div><\/div><\/div><\/div><div class=\"vc_clearfix\"><\/div><\/div><div class=\"vc_grid-item vc_clearfix vc_col-sm-6 vc_grid-item-zone-c-bottom\"><div class=\"vc_grid-item-mini vc_clearfix\"><div class=\"vc_gitem-animated-block\" ><div class=\"vc_gitem-zone vc_gitem-zone-a vc-gitem-zone-height-mode-auto vc-gitem-zone-height-mode-auto-1-1\" style=\"background-image: url('https:\/\/www.iconhotel.eu\/wp-content\/uploads\/2025\/04\/steve-johnson-wpw8sHoBtSY-unsplash-1024x747.jpg') !important;\"><img decoding=\"async\" class=\"vc_gitem-zone-img\" src=\"https:\/\/www.iconhotel.eu\/wp-content\/uploads\/2025\/04\/steve-johnson-wpw8sHoBtSY-unsplash-1024x747.jpg\" alt=\"The Prague Pride Festival celebrate gay, lesbian, bisexual, and transgender culture throughout the city. Each summer a weeklong program features cultural and social events including concerts, theatre, film screenings, debates, sporting events, and culminates with a rainbow carnival parade through the city center. The ICON Hotel consistently ranksamong the most popular hotels in Prague within the LGBT community, and prides itself on serving a diverse, multicultural customer base.\" loading=\"lazy\"><div class=\"vc_gitem-zone-mini\"><\/div><\/div><\/div><div class=\"vc_gitem-zone vc_gitem-zone-c\"><div class=\"vc_gitem-zone-mini\"><div class=\"vc_gitem_row vc_row vc_gitem-row-position-top\"><div class=\"vc_col-sm-12 vc_gitem-col vc_gitem-col-align- vc_custom_1744284835831\"><div class=\"vc_custom_heading custom-bordered-title vc_gitem-post-data vc_gitem-post-data-source-post_title\" ><h2 style=\"text-align: left\" >Prague Pride<\/h2><\/div><\/div><\/div><div class=\"vc_gitem_row vc_row vc_gitem-row-position-top\"><div class=\"vc_col-sm-12 vc_gitem-col vc_gitem-col-align- vc_custom_1744284819743\"><div class=\"vc_custom_heading vc_gitem-post-data vc_gitem-post-data-source-post_excerpt\" ><p style=\"text-align: left\" ><p>Sv\u011btozn\u00e1m\u00fd festival Prague Pride oslavuje kulturu gay\u016f, lesbi\u010dek, bisexu\u00e1l\u016f a transgender osob po cel\u00e9m m\u011bst\u011b. Ka\u017ed\u00e9 l\u00e9to nab\u00edz\u00ed tento v\u00edkendov\u00fd program kulturn\u00ed a soci\u00e1ln\u00ed akce, koncerty, divadla, filmy, diskuze, sportovn\u00ed akce a vyvrchol\u00ed duhov\u00fdm karnevalem, pr\u016fvodem po centru m\u011bsta.\n\nHotel ICON je p\u0159itom v\u017edy \u0159azen mezi velmi popul\u00e1rn\u00ed hotely v Praze a oce\u0148ov\u00e1n LGBT komunitou, co\u017e dokazuje tak\u00e9 \u0161irok\u00fd z\u00e1b\u011br multikulturn\u00ed klientely v r\u016fzn\u00e9m pojet\u00ed.<br \/>\nHotel ICON je p\u0159itom v\u017edy \u0159azen mezi velmi popul\u00e1rn\u00ed hotely v Praze a oce\u0148ov\u00e1n LGBT komunitou, co\u017e dokazuje tak\u00e9 \u0161irok\u00fd z\u00e1b\u011br multikulturn\u00ed klientely v r\u016fzn\u00e9m pojet\u00ed.<\/p>\n<\/p><\/div><div class=\"vc_btn3-container vc_btn3-left vc_custom_1744623836684\"><a style=\"background-color:#EDEDED00; color:#FFFFFF;\" class=\"vc_general vc_btn3 vc_btn3-size-sm vc_btn3-shape-square vc_btn3-style-custom vc_btn3-block\" a href=\"https:\/\/www.iconhotel.eu\/cz\/prague-pride\/\" target=\"_blank\" title=\"Zjist\u011bte v\u00edce\">Zjist\u011bte v\u00edce<\/a><\/div><\/div><\/div><\/div><\/div><\/div><div class=\"vc_clearfix\"><\/div><\/div><div class=\"vc_grid-item vc_clearfix vc_col-sm-6 vc_grid-item-zone-c-bottom\"><div class=\"vc_grid-item-mini vc_clearfix\"><div class=\"vc_gitem-animated-block\" ><div class=\"vc_gitem-zone vc_gitem-zone-a vc-gitem-zone-height-mode-auto vc-gitem-zone-height-mode-auto-1-1\" style=\"background-image: url('https:\/\/www.iconhotel.eu\/wp-content\/uploads\/2025\/04\/signal2022_tomas-slavik_37-2048x1366-1-1024x683.jpg') !important;\"><img decoding=\"async\" class=\"vc_gitem-zone-img\" src=\"https:\/\/www.iconhotel.eu\/wp-content\/uploads\/2025\/04\/signal2022_tomas-slavik_37-2048x1366-1-1024x683.jpg\" alt=\"For four days each autumn, the Signal Festival of videomapping and light art illuminates the night across Prague\u2019s historic city center. Tens of thousands look on in awe as famous architectural facades including the Dancing House, Charles Bridge, Church of St. Ludmila, Kampa Island, and Petrin Lookout Tower serve as the backdrop for state of the art audiovisual light shows. The festival is free for everyone and features many major Czech and international contemporary artists.\" loading=\"lazy\"><div class=\"vc_gitem-zone-mini\"><\/div><\/div><\/div><div class=\"vc_gitem-zone vc_gitem-zone-c\"><div class=\"vc_gitem-zone-mini\"><div class=\"vc_gitem_row vc_row vc_gitem-row-position-top\"><div class=\"vc_col-sm-12 vc_gitem-col vc_gitem-col-align- vc_custom_1744284835831\"><div class=\"vc_custom_heading custom-bordered-title vc_gitem-post-data vc_gitem-post-data-source-post_title\" ><h2 style=\"text-align: left\" >Signal Festival<\/h2><\/div><\/div><\/div><div class=\"vc_gitem_row vc_row vc_gitem-row-position-top\"><div class=\"vc_col-sm-12 vc_gitem-col vc_gitem-col-align- vc_custom_1744284819743\"><div class=\"vc_custom_heading vc_gitem-post-data vc_gitem-post-data-source-post_excerpt\" ><p style=\"text-align: left\" ><p>Na \u010dty\u0159i dny ka\u017ed\u00fd podzim nab\u00edz\u00ed Signal Festival videotaping a sv\u011bteln\u00e9 ilustrace, kter\u00e9 proz\u00e1\u0159\u00ed noc po\ncel\u00e9m historick\u00e9m centru m\u011bsta. Tis\u00edce div\u00e1k\u016f obdivuj\u00ed slavn\u00e9 skvosty architektury, v\u010detn\u011b slavn\u00e9ho\nTan\u010d\u00edc\u00edho domu, Karlova mostu, Mostu Sv. Ludmily, Kampy a rozhledny na Pet\u0159\u00edn\u011b, aby vid\u011bli jak je\ndok\u00e1\u017e\u00ed zm\u011bnit sv\u011bteln\u00e9 show. Festival je v\u017edy zdarma a zahrnuje v\u011bt\u0161inu sou\u010dasn\u00fdch um\u011blc\u016f v tomto\noboru, a\u0165 u\u017e z \u010cesk\u00e9 republiky, nebo zahrani\u010d\u00ed.<\/p>\n<\/p><\/div><div class=\"vc_btn3-container vc_btn3-left vc_custom_1744623836684\"><a style=\"background-color:#EDEDED00; color:#FFFFFF;\" class=\"vc_general vc_btn3 vc_btn3-size-sm vc_btn3-shape-square vc_btn3-style-custom vc_btn3-block\" a href=\"https:\/\/www.iconhotel.eu\/cz\/signal-festival\/\" target=\"_blank\" title=\"Zjist\u011bte v\u00edce\">Zjist\u011bte v\u00edce<\/a><\/div><\/div><\/div><\/div><\/div><\/div><div class=\"vc_clearfix\"><\/div><\/div><div class=\"vc_grid-item vc_clearfix vc_col-sm-6 vc_grid-item-zone-c-bottom\"><div class=\"vc_grid-item-mini vc_clearfix\"><div class=\"vc_gitem-animated-block\" ><div class=\"vc_gitem-zone vc_gitem-zone-a vc-gitem-zone-height-mode-auto vc-gitem-zone-height-mode-auto-1-1\" style=\"background-image: url('https:\/\/www.iconhotel.eu\/wp-content\/uploads\/2025\/04\/actor-clive-owen-festival-presidents-award-1024x683.jpg') !important;\"><img decoding=\"async\" class=\"vc_gitem-zone-img\" src=\"https:\/\/www.iconhotel.eu\/wp-content\/uploads\/2025\/04\/actor-clive-owen-festival-presidents-award-1024x683.jpg\" alt=\"Held annually in nearby Karlovy Vary each summer, the Karlovy Vary International Film Festival is the most popular and prestigious film festival in central Europe. Over 200 films from around the world premiere at the KVIFF every year, with the winner being awarded the Crystal Globe at week\u2019s end. The venue features several film industry and social celebrities, thousands of film fans, parties, pressconferences, ceremonies, and other accompanying events.\" loading=\"lazy\"><div class=\"vc_gitem-zone-mini\"><\/div><\/div><\/div><div class=\"vc_gitem-zone vc_gitem-zone-c\"><div class=\"vc_gitem-zone-mini\"><div class=\"vc_gitem_row vc_row vc_gitem-row-position-top\"><div class=\"vc_col-sm-12 vc_gitem-col vc_gitem-col-align- vc_custom_1744284835831\"><div class=\"vc_custom_heading custom-bordered-title vc_gitem-post-data vc_gitem-post-data-source-post_title\" ><h2 style=\"text-align: left\" >Karlovy Vary \u2013 Filmov\u00fd festival<\/h2><\/div><\/div><\/div><div class=\"vc_gitem_row vc_row vc_gitem-row-position-top\"><div class=\"vc_col-sm-12 vc_gitem-col vc_gitem-col-align- vc_custom_1744284819743\"><div class=\"vc_custom_heading vc_gitem-post-data vc_gitem-post-data-source-post_excerpt\" ><p style=\"text-align: left\" ><p>Ka\u017ed\u00fd rok se m\u011bsto Karlovy Vary v l\u00e9t\u011b stane centrem filmov\u00e9ho um\u011bn\u00ed, kdy se zde kon\u00e1 Karlovarsk\u00fd\nfilmov\u00fd festival, jeden z nejpopul\u00e1rn\u011bj\u0161\u00edch a nejpresti\u017en\u011bj\u0161\u00edch filmov\u00fdch festival\u016f ve st\u0159edn\u00ed Evrop\u011b.\nProm\u00edt\u00e1 se na 200 premi\u00e9r film\u016f z cel\u00e9ho sv\u011bta, v\u00edt\u011bz je potom ocen\u011bn K\u0159i\u0161\u0165\u00e1lov\u00fdm globusem ve\n\nfin\u00e1le festivalu. Akce se \u00fa\u010dastn\u00ed osobnosti a hv\u011bzdy filmov\u00e9ho pr\u016fmyslu a soci\u00e1ln\u00edch s\u00edt\u00ed, tis\u00edce\nfilmov\u00fdch fanou\u0161k\u016f, konaj\u00ed se nes\u010detn\u00e9 party, tiskov\u00e9 konference, ceremoni\u00e1ly a dal\u0161\u00ed doprovodn\u00e9\nakce.<\/p>\n<\/p><\/div><div class=\"vc_btn3-container vc_btn3-left vc_custom_1744623836684\"><a style=\"background-color:#EDEDED00; color:#FFFFFF;\" class=\"vc_general vc_btn3 vc_btn3-size-sm vc_btn3-shape-square vc_btn3-style-custom vc_btn3-block\" a href=\"https:\/\/www.iconhotel.eu\/cz\/karlovy-varyfilm-festival\/\" target=\"_blank\" title=\"Zjist\u011bte v\u00edce\">Zjist\u011bte v\u00edce<\/a><\/div><\/div><\/div><\/div><\/div><\/div><div class=\"vc_clearfix\"><\/div><\/div><div class=\"vc_grid-item vc_clearfix vc_col-sm-6 vc_grid-item-zone-c-bottom\"><div class=\"vc_grid-item-mini vc_clearfix\"><div class=\"vc_gitem-animated-block\" ><div class=\"vc_gitem-zone vc_gitem-zone-a vc-gitem-zone-height-mode-auto vc-gitem-zone-height-mode-auto-1-1\" style=\"background-image: url('https:\/\/www.iconhotel.eu\/wp-content\/uploads\/2025\/04\/1734948659-2560x1440_oresteia_web-scaled-e1744283873612-980x1024.webp') !important;\"><img decoding=\"async\" class=\"vc_gitem-zone-img\" src=\"https:\/\/www.iconhotel.eu\/wp-content\/uploads\/2025\/04\/1734948659-2560x1440_oresteia_web-scaled-e1744283873612-980x1024.webp\" alt=\"The National Theatre is one of the most important Czech cultural institutions, with a rich artistic tradition, which helped to preserve and develop the most important features of the nation, the Czech language, and a sense for a Czech musical and dramatic way of thinking.Today the National Theatre consists of three artistic ensembles: opera, ballet and drama.\" loading=\"lazy\"><div class=\"vc_gitem-zone-mini\"><\/div><\/div><\/div><div class=\"vc_gitem-zone vc_gitem-zone-c\"><div class=\"vc_gitem-zone-mini\"><div class=\"vc_gitem_row vc_row vc_gitem-row-position-top\"><div class=\"vc_col-sm-12 vc_gitem-col vc_gitem-col-align- vc_custom_1744284835831\"><div class=\"vc_custom_heading custom-bordered-title vc_gitem-post-data vc_gitem-post-data-source-post_title\" ><h2 style=\"text-align: left\" >N\u00e1rodn\u00ed divadlo<\/h2><\/div><\/div><\/div><div class=\"vc_gitem_row vc_row vc_gitem-row-position-top\"><div class=\"vc_col-sm-12 vc_gitem-col vc_gitem-col-align- vc_custom_1744284819743\"><div class=\"vc_custom_heading vc_gitem-post-data vc_gitem-post-data-source-post_excerpt\" ><p style=\"text-align: left\" ><p>N\u00e1rodn\u00ed divadlo je jednou z nejv\u00fdznamn\u011bj\u0161\u00edch \u010desk\u00fdch kulturn\u00edch instituc\u00ed, s bohatou um\u011bleckou\ntradic\u00ed, kter\u00e1 pom\u00e1hala zachovat a rozv\u00edjet nejd\u016fle\u017eit\u011bj\u0161\u00ed momenty \u010desk\u00e9ho jazyka a smysl pro \u010desk\u00fd\nzp\u016fsob uva\u017eov\u00e1n\u00ed o hudb\u011b a divadeln\u00edm pojet\u00ed.<br \/>\nDnes se N\u00e1rodn\u00ed divadlo skl\u00e1d\u00e1 z odv\u011btv\u00ed opery, baletu a dramatu.<\/p>\n<\/p><\/div><div class=\"vc_btn3-container vc_btn3-left vc_custom_1744623836684\"><a style=\"background-color:#EDEDED00; color:#FFFFFF;\" class=\"vc_general vc_btn3 vc_btn3-size-sm vc_btn3-shape-square vc_btn3-style-custom vc_btn3-block\" a href=\"https:\/\/www.iconhotel.eu\/cz\/national-theater\/\" target=\"_blank\" title=\"Zjist\u011bte v\u00edce\">Zjist\u011bte v\u00edce<\/a><\/div><\/div><\/div><\/div><\/div><\/div><div class=\"vc_clearfix\"><\/div><\/div><\/div><\/div>\n\t<\/div>\n<\/div><\/div><\/div><\/div><\/div><div class=\"vc_row wpb_row vc_row-fluid\"><div class=\"wpb_column vc_column_container vc_col-sm-12\"><div class=\"vc_column-inner\"><div class=\"wpb_wrapper\"><h1 style=\"font-size: 36px;text-align: left\" class=\"vc_custom_heading vc_do_custom_heading custom-bordered-title\" >Thirst for more<\/h1><\/div><\/div><\/div><\/div><div class=\"vc_row wpb_row vc_row-fluid thirstformorerow wd-rs-68270031555d4\"><div class=\"wpb_column vc_column_container vc_col-sm-12 wd-rs-6826fffd56d2a\"><div class=\"vc_column-inner\"><div class=\"wpb_wrapper\">\n<div class=\"vc_grid-container-wrapper vc_clearfix vc_grid-animation-fadeIn\">\n\t<div class=\"vc_grid-container vc_clearfix wpb_content_element vc_basic_grid\" data-initial-loading-animation=\"fadeIn\" data-vc-grid-settings=\"{&quot;page_id&quot;:480,&quot;style&quot;:&quot;all&quot;,&quot;action&quot;:&quot;vc_get_vc_grid_data&quot;,&quot;shortcode_id&quot;:&quot;1750674682490-7391962e-c587-6&quot;,&quot;tag&quot;:&quot;vc_basic_grid&quot;}\" data-vc-request=\"https:\/\/www.iconhotel.eu\/wp-admin\/admin-ajax.php\" data-vc-post-id=\"480\" data-vc-public-nonce=\"ad18ce4fef\">\n\t\t<style data-type=\"vc_shortcodes-custom-css\">.vc_custom_1744290332605{padding-left: 0px !important;}<\/style><div class=\"vc_grid vc_row vc_grid-gutter-20px vc_pageable-wrapper vc_hook_hover\" data-vc-pageable-content=\"true\"><div class=\"vc_pageable-slide-wrapper vc_clearfix\" data-vc-grid-content=\"true\"><div class=\"vc_grid-item vc_clearfix vc_col-sm-3 vc_grid-item-zone-c-bottom\"><div class=\"vc_grid-item-mini vc_clearfix\"><div class=\"vc_gitem-animated-block\" ><div class=\"vc_gitem-zone vc_gitem-zone-a vc-gitem-zone-height-mode-auto vc-gitem-zone-height-mode-auto-1-1\" style=\"background-image: url('https:\/\/www.iconhotel.eu\/wp-content\/uploads\/2025\/04\/Untitled-design-49-1024x945.png') !important;\"><img decoding=\"async\" class=\"vc_gitem-zone-img\" src=\"https:\/\/www.iconhotel.eu\/wp-content\/uploads\/2025\/04\/Untitled-design-49-1024x945.png\" alt=\"Kunsthalle Praga\" loading=\"lazy\"><div class=\"vc_gitem-zone-mini\"><\/div><\/div><\/div><div class=\"vc_gitem-zone vc_gitem-zone-c\"><div class=\"vc_gitem-zone-mini\"><div class=\"vc_gitem_row vc_row vc_gitem-row-position-top\"><div class=\"vc_col-sm-12 vc_gitem-col vc_gitem-col-align- vc_custom_1744290332605\"><div class=\"vc_custom_heading vc_gitem-post-data vc_gitem-post-data-source-post_excerpt\" ><h3 style=\"text-align: left\" ><a href=\"https:\/\/www.iconhotel.eu\/cz\/kunsthalle-praga\/\" class=\"vc_gitem-link\" target=\"_blank\" title=\"Kunsthalle Praga\"><p>Kunsthalle Praga<\/p>\n<\/a><\/h3><\/div><\/div><\/div><\/div><\/div><\/div><div class=\"vc_clearfix\"><\/div><\/div><div class=\"vc_grid-item vc_clearfix vc_col-sm-3 vc_grid-item-zone-c-bottom\"><div class=\"vc_grid-item-mini vc_clearfix\"><div class=\"vc_gitem-animated-block\" ><div class=\"vc_gitem-zone vc_gitem-zone-a vc-gitem-zone-height-mode-auto vc-gitem-zone-height-mode-auto-1-1\" style=\"background-image: url('https:\/\/www.iconhotel.eu\/wp-content\/uploads\/2025\/04\/Untitled-design-51-1024x945.png') !important;\"><img decoding=\"async\" class=\"vc_gitem-zone-img\" src=\"https:\/\/www.iconhotel.eu\/wp-content\/uploads\/2025\/04\/Untitled-design-51-1024x945.png\" alt=\"Artiseme\" loading=\"lazy\"><div class=\"vc_gitem-zone-mini\"><\/div><\/div><\/div><div class=\"vc_gitem-zone vc_gitem-zone-c\"><div class=\"vc_gitem-zone-mini\"><div class=\"vc_gitem_row vc_row vc_gitem-row-position-top\"><div class=\"vc_col-sm-12 vc_gitem-col vc_gitem-col-align- vc_custom_1744290332605\"><div class=\"vc_custom_heading vc_gitem-post-data vc_gitem-post-data-source-post_excerpt\" ><h3 style=\"text-align: left\" ><a href=\"https:\/\/www.iconhotel.eu\/cz\/artiseme\/\" class=\"vc_gitem-link\" target=\"_blank\" title=\"Artiseme\"><p>Artiseme<\/p>\n<\/a><\/h3><\/div><\/div><\/div><\/div><\/div><\/div><div class=\"vc_clearfix\"><\/div><\/div><div class=\"vc_grid-item vc_clearfix vc_col-sm-3 vc_grid-item-zone-c-bottom\"><div class=\"vc_grid-item-mini vc_clearfix\"><div class=\"vc_gitem-animated-block\" ><div class=\"vc_gitem-zone vc_gitem-zone-a vc-gitem-zone-height-mode-auto vc-gitem-zone-height-mode-auto-1-1\" style=\"background-image: url('https:\/\/www.iconhotel.eu\/wp-content\/uploads\/2025\/04\/muzeum-prahy-sym-bar-rgb-1-1024x945.webp') !important;\"><img decoding=\"async\" class=\"vc_gitem-zone-img\" src=\"https:\/\/www.iconhotel.eu\/wp-content\/uploads\/2025\/04\/muzeum-prahy-sym-bar-rgb-1-1024x945.webp\" alt=\"Museum of Prague\" loading=\"lazy\"><div class=\"vc_gitem-zone-mini\"><\/div><\/div><\/div><div class=\"vc_gitem-zone vc_gitem-zone-c\"><div class=\"vc_gitem-zone-mini\"><div class=\"vc_gitem_row vc_row vc_gitem-row-position-top\"><div class=\"vc_col-sm-12 vc_gitem-col vc_gitem-col-align- vc_custom_1744290332605\"><div class=\"vc_custom_heading vc_gitem-post-data vc_gitem-post-data-source-post_excerpt\" ><h3 style=\"text-align: left\" ><a href=\"https:\/\/www.iconhotel.eu\/cz\/muzeum-prahy\/\" class=\"vc_gitem-link\" target=\"_blank\" title=\"Muzeum Prahy\"><p>Muzeum Prahy<\/p>\n<\/a><\/h3><\/div><\/div><\/div><\/div><\/div><\/div><div class=\"vc_clearfix\"><\/div><\/div><div class=\"vc_grid-item vc_clearfix vc_col-sm-3 vc_grid-item-zone-c-bottom\"><div class=\"vc_grid-item-mini vc_clearfix\"><div class=\"vc_gitem-animated-block\" ><div class=\"vc_gitem-zone vc_gitem-zone-a vc-gitem-zone-height-mode-auto vc-gitem-zone-height-mode-auto-1-1\" style=\"background-image: url('https:\/\/www.iconhotel.eu\/wp-content\/uploads\/2025\/04\/Untitled-design-50-1024x945.png') !important;\"><img decoding=\"async\" class=\"vc_gitem-zone-img\" src=\"https:\/\/www.iconhotel.eu\/wp-content\/uploads\/2025\/04\/Untitled-design-50-1024x945.png\" alt=\"Runczech\" loading=\"lazy\"><div class=\"vc_gitem-zone-mini\"><\/div><\/div><\/div><div class=\"vc_gitem-zone vc_gitem-zone-c\"><div class=\"vc_gitem-zone-mini\"><div class=\"vc_gitem_row vc_row vc_gitem-row-position-top\"><div class=\"vc_col-sm-12 vc_gitem-col vc_gitem-col-align- vc_custom_1744290332605\"><div class=\"vc_custom_heading vc_gitem-post-data vc_gitem-post-data-source-post_excerpt\" ><h3 style=\"text-align: left\" ><a href=\"https:\/\/www.iconhotel.eu\/cz\/runczech\/\" class=\"vc_gitem-link\" target=\"_blank\" title=\"Runczech\"><p>Runczech<\/p>\n<\/a><\/h3><\/div><\/div><\/div><\/div><\/div><\/div><div class=\"vc_clearfix\"><\/div><\/div><\/div><\/div>\n\t<\/div>\n<\/div><\/div><\/div><\/div><\/div>\n<\/div>","protected":false},"excerpt":{"rendered":"Prague Life Appropriately located in the very middle of Europe, Prague\u2019s personality reflects this geographic crossroads \u2013 between eastern and","protected":false},"author":2,"featured_media":1206,"parent":0,"menu_order":0,"comment_status":"closed","ping_status":"closed","template":"","meta":{"_acf_changed":false,"footnotes":""},"class_list":["post-480","page","type-page","status-publish","has-post-thumbnail","hentry"],"acf":[],"yoast_head":"<!-- This site is optimized with the Yoast SEO plugin v27.4 - https:\/\/yoast.com\/product\/yoast-seo-wordpress\/ -->\n<title>Prague Life - The Icon Prague<\/title>\n<meta name=\"robots\" content=\"index, follow, max-snippet:-1, max-image-preview:large, max-video-preview:-1\" \/>\n<link rel=\"canonical\" href=\"https:\/\/www.iconhotel.eu\/cz\/prague-life\/\" \/>\n<meta property=\"og:locale\" content=\"cs_CZ\" \/>\n<meta property=\"og:type\" content=\"article\" \/>\n<meta property=\"og:title\" content=\"Prague Life - The Icon Prague\" \/>\n<meta property=\"og:url\" content=\"https:\/\/www.iconhotel.eu\/cz\/prague-life\/\" \/>\n<meta property=\"og:site_name\" content=\"The Icon Prague\" \/>\n<meta property=\"article:modified_time\" content=\"2025-06-23T11:24:19+00:00\" \/>\n<meta property=\"og:image\" content=\"https:\/\/www.iconhotel.eu\/wp-content\/uploads\/2025\/03\/Untitled-design-52-1024x576.png\" \/>\n\t<meta property=\"og:image:width\" content=\"1024\" \/>\n\t<meta property=\"og:image:height\" content=\"576\" \/>\n\t<meta property=\"og:image:type\" content=\"image\/png\" \/>\n<meta name=\"twitter:card\" content=\"summary_large_image\" \/>\n<meta name=\"twitter:label1\" content=\"Odhadovan\u00e1 doba \u010dten\u00ed\" \/>\n\t<meta name=\"twitter:data1\" content=\"2 minuty\" \/>\n<script type=\"application\/ld+json\" class=\"yoast-schema-graph\">{\"@context\":\"https:\\\/\\\/schema.org\",\"@graph\":[{\"@type\":\"WebPage\",\"@id\":\"https:\\\/\\\/www.iconhotel.eu\\\/prague-life\\\/\",\"url\":\"https:\\\/\\\/www.iconhotel.eu\\\/prague-life\\\/\",\"name\":\"Prague Life - The Icon Prague\",\"isPartOf\":{\"@id\":\"https:\\\/\\\/www.iconhotel.eu\\\/#website\"},\"primaryImageOfPage\":{\"@id\":\"https:\\\/\\\/www.iconhotel.eu\\\/prague-life\\\/#primaryimage\"},\"image\":{\"@id\":\"https:\\\/\\\/www.iconhotel.eu\\\/prague-life\\\/#primaryimage\"},\"thumbnailUrl\":\"https:\\\/\\\/www.iconhotel.eu\\\/wp-content\\\/uploads\\\/2025\\\/03\\\/Untitled-design-52.png\",\"datePublished\":\"2025-04-10T11:09:31+00:00\",\"dateModified\":\"2025-06-23T11:24:19+00:00\",\"breadcrumb\":{\"@id\":\"https:\\\/\\\/www.iconhotel.eu\\\/prague-life\\\/#breadcrumb\"},\"inLanguage\":\"cs\",\"potentialAction\":[{\"@type\":\"ReadAction\",\"target\":[\"https:\\\/\\\/www.iconhotel.eu\\\/prague-life\\\/\"]}]},{\"@type\":\"ImageObject\",\"inLanguage\":\"cs\",\"@id\":\"https:\\\/\\\/www.iconhotel.eu\\\/prague-life\\\/#primaryimage\",\"url\":\"https:\\\/\\\/www.iconhotel.eu\\\/wp-content\\\/uploads\\\/2025\\\/03\\\/Untitled-design-52.png\",\"contentUrl\":\"https:\\\/\\\/www.iconhotel.eu\\\/wp-content\\\/uploads\\\/2025\\\/03\\\/Untitled-design-52.png\",\"width\":1920,\"height\":1080},{\"@type\":\"BreadcrumbList\",\"@id\":\"https:\\\/\\\/www.iconhotel.eu\\\/prague-life\\\/#breadcrumb\",\"itemListElement\":[{\"@type\":\"ListItem\",\"position\":1,\"name\":\"HOME\",\"item\":\"https:\\\/\\\/www.iconhotel.eu\\\/\"},{\"@type\":\"ListItem\",\"position\":2,\"name\":\"Prague Life\"}]},{\"@type\":\"WebSite\",\"@id\":\"https:\\\/\\\/www.iconhotel.eu\\\/#website\",\"url\":\"https:\\\/\\\/www.iconhotel.eu\\\/\",\"name\":\"The Icon Prague\",\"description\":\"\",\"potentialAction\":[{\"@type\":\"SearchAction\",\"target\":{\"@type\":\"EntryPoint\",\"urlTemplate\":\"https:\\\/\\\/www.iconhotel.eu\\\/?s={search_term_string}\"},\"query-input\":{\"@type\":\"PropertyValueSpecification\",\"valueRequired\":true,\"valueName\":\"search_term_string\"}}],\"inLanguage\":\"cs\"}]}<\/script>\n<!-- \/ Yoast SEO plugin. -->","yoast_head_json":{"title":"Prague Life - The Icon Prague","robots":{"index":"index","follow":"follow","max-snippet":"max-snippet:-1","max-image-preview":"max-image-preview:large","max-video-preview":"max-video-preview:-1"},"canonical":"https:\/\/www.iconhotel.eu\/cz\/prague-life\/","og_locale":"cs_CZ","og_type":"article","og_title":"Prague Life - The Icon Prague","og_url":"https:\/\/www.iconhotel.eu\/cz\/prague-life\/","og_site_name":"The Icon Prague","article_modified_time":"2025-06-23T11:24:19+00:00","og_image":[{"width":1024,"height":576,"url":"https:\/\/www.iconhotel.eu\/wp-content\/uploads\/2025\/03\/Untitled-design-52-1024x576.png","type":"image\/png"}],"twitter_card":"summary_large_image","twitter_misc":{"Odhadovan\u00e1 doba \u010dten\u00ed":"2 minuty"},"schema":{"@context":"https:\/\/schema.org","@graph":[{"@type":"WebPage","@id":"https:\/\/www.iconhotel.eu\/prague-life\/","url":"https:\/\/www.iconhotel.eu\/prague-life\/","name":"Prague Life - The Icon Prague","isPartOf":{"@id":"https:\/\/www.iconhotel.eu\/#website"},"primaryImageOfPage":{"@id":"https:\/\/www.iconhotel.eu\/prague-life\/#primaryimage"},"image":{"@id":"https:\/\/www.iconhotel.eu\/prague-life\/#primaryimage"},"thumbnailUrl":"https:\/\/www.iconhotel.eu\/wp-content\/uploads\/2025\/03\/Untitled-design-52.png","datePublished":"2025-04-10T11:09:31+00:00","dateModified":"2025-06-23T11:24:19+00:00","breadcrumb":{"@id":"https:\/\/www.iconhotel.eu\/prague-life\/#breadcrumb"},"inLanguage":"cs","potentialAction":[{"@type":"ReadAction","target":["https:\/\/www.iconhotel.eu\/prague-life\/"]}]},{"@type":"ImageObject","inLanguage":"cs","@id":"https:\/\/www.iconhotel.eu\/prague-life\/#primaryimage","url":"https:\/\/www.iconhotel.eu\/wp-content\/uploads\/2025\/03\/Untitled-design-52.png","contentUrl":"https:\/\/www.iconhotel.eu\/wp-content\/uploads\/2025\/03\/Untitled-design-52.png","width":1920,"height":1080},{"@type":"BreadcrumbList","@id":"https:\/\/www.iconhotel.eu\/prague-life\/#breadcrumb","itemListElement":[{"@type":"ListItem","position":1,"name":"HOME","item":"https:\/\/www.iconhotel.eu\/"},{"@type":"ListItem","position":2,"name":"Prague Life"}]},{"@type":"WebSite","@id":"https:\/\/www.iconhotel.eu\/#website","url":"https:\/\/www.iconhotel.eu\/","name":"The Icon Prague","description":"","potentialAction":[{"@type":"SearchAction","target":{"@type":"EntryPoint","urlTemplate":"https:\/\/www.iconhotel.eu\/?s={search_term_string}"},"query-input":{"@type":"PropertyValueSpecification","valueRequired":true,"valueName":"search_term_string"}}],"inLanguage":"cs"}]}},"_links":{"self":[{"href":"https:\/\/www.iconhotel.eu\/cz\/wp-json\/wp\/v2\/pages\/480","targetHints":{"allow":["GET"]}}],"collection":[{"href":"https:\/\/www.iconhotel.eu\/cz\/wp-json\/wp\/v2\/pages"}],"about":[{"href":"https:\/\/www.iconhotel.eu\/cz\/wp-json\/wp\/v2\/types\/page"}],"author":[{"embeddable":true,"href":"https:\/\/www.iconhotel.eu\/cz\/wp-json\/wp\/v2\/users\/2"}],"replies":[{"embeddable":true,"href":"https:\/\/www.iconhotel.eu\/cz\/wp-json\/wp\/v2\/comments?post=480"}],"version-history":[{"count":42,"href":"https:\/\/www.iconhotel.eu\/cz\/wp-json\/wp\/v2\/pages\/480\/revisions"}],"predecessor-version":[{"id":1198,"href":"https:\/\/www.iconhotel.eu\/cz\/wp-json\/wp\/v2\/pages\/480\/revisions\/1198"}],"wp:featuredmedia":[{"embeddable":true,"href":"https:\/\/www.iconhotel.eu\/cz\/wp-json\/wp\/v2\/media\/1206"}],"wp:attachment":[{"href":"https:\/\/www.iconhotel.eu\/cz\/wp-json\/wp\/v2\/media?parent=480"}],"curies":[{"name":"wp","href":"https:\/\/api.w.org\/{rel}","templated":true}]}}